{"id":1378,"date":"2024-02-16T18:17:22","date_gmt":"2024-02-16T23:17:22","guid":{"rendered":"https:\/\/s6v.8e6.myftpupload.com\/equidad-en-la-matricula\/"},"modified":"2024-03-20T02:09:01","modified_gmt":"2024-03-20T02:09:01","slug":"equidad-en-la-matricula","status":"publish","type":"page","link":"https:\/\/adelantenc.org\/es\/equidad-en-la-matricula\/","title":{"rendered":"Equidad en la matr\u00edcula"},"content":{"rendered":"\t\t<div data-elementor-type=\"wp-page\" data-elementor-id=\"1378\" class=\"elementor elementor-1378 elementor-642\" data-elementor-post-type=\"page\">\n\t\t\t\t<div class=\"elementor-element elementor-element-2512b46 e-flex e-con-boxed e-con e-parent\" data-id=\"2512b46\" data-element_type=\"container\" data-e-type=\"container\" data-settings=\"{&quot;background_background&quot;:&quot;classic&quot;}\">\n\t\t\t\t\t<div class=\"e-con-inner\">\n\t\t<div class=\"elementor-element elementor-element-3adb448 e-con-full e-flex e-con e-child\" data-id=\"3adb448\" data-element_type=\"container\" data-e-type=\"container\">\n\t\t<div class=\"elementor-element elementor-element-1629943 e-flex e-con-boxed e-con e-child\" data-id=\"1629943\" data-element_type=\"container\" data-e-type=\"container\" id=\"Policies\">\n\t\t\t\t\t<div class=\"e-con-inner\">\n\t\t\t\t<div class=\"elementor-element elementor-element-6f71989 elementor-widget elementor-widget-text-editor\" data-id=\"6f71989\" data-element_type=\"widget\" data-e-type=\"widget\" data-widget_type=\"text-editor.default\">\n\t\t\t\t\t\t\t\t\t<p>Let&#8217;s Learn NC es un proyecto de Adelante Education Coalition. Este proyecto defiende la misma matr\u00edcula universitaria para TODOS los estudiantes de Carolina del Norte, porque la educaci\u00f3n superior debe ser accesible a todos los residentes del estado. Para saber m\u00e1s sobre nuestros esfuerzos y el estado de la educaci\u00f3n para los estudiantes indocumentados en Carolina del Norte, seleccione una secci\u00f3n.<\/p>\n\t\t\t\t\t\t\t\t<\/div>\n\t\t\t\t<div class=\"elementor-element elementor-element-c4b0de5 elementor-widget elementor-widget-heading\" data-id=\"c4b0de5\" data-element_type=\"widget\" data-e-type=\"widget\" data-widget_type=\"heading.default\">\n\t\t\t\t\t<h2 class=\"elementor-heading-title elementor-size-default\">Pol\u00edticas actuales<\/h2>\t\t\t\t<\/div>\n\t\t<div class=\"elementor-element elementor-element-896a99a e-con-full e-flex e-con e-child\" data-id=\"896a99a\" data-element_type=\"container\" data-e-type=\"container\" data-settings=\"{&quot;background_background&quot;:&quot;classic&quot;}\">\n\t\t\t\t<div class=\"elementor-element elementor-element-7bba2f9 elementor-widget elementor-widget-text-editor\" data-id=\"7bba2f9\" data-element_type=\"widget\" data-e-type=\"widget\" data-widget_type=\"text-editor.default\">\n\t\t\t\t\t\t\t\t\t<p><strong>Pol\u00edticas de Carolina del Norte<\/strong><\/p>\n<p><a href=\"https:\/\/adelantenc.org\/wp-content\/uploads\/2014\/07\/DACA-and-CC-Tuition-Exceptions-re-Sponsorship-and-Public-School-Graduate....pdf\">DACA y exenciones de matr\u00edcula-Ene. 2014<\/a>: El prop\u00f3sito de este memor\u00e1ndum no es comunicar un cambio en la pol\u00edtica de \u00abAdmisi\u00f3n a las Universidades\u00bb de la Junta Estatal, sino dar a las universidades una mayor aclaraci\u00f3n sobre c\u00f3mo los individuos con clasificaci\u00f3n DACA deben ser tratados bajo la pol\u00edtica actual de \u00abAdmisi\u00f3n a las Universidades\u00bb de la Junta Estatal. Una vez m\u00e1s, es importante se\u00f1alar que la Junta Estatal de Colegios Comunitarios no ha modificado su pol\u00edtica de \u00abAdmisi\u00f3n a los Colegios\u00bb.<\/p>\n\t\t\t\t\t\t\t\t<\/div>\n\t\t\t\t<\/div>\n\t\t<div class=\"elementor-element elementor-element-23b0399 e-con-full e-flex e-con e-child\" data-id=\"23b0399\" data-element_type=\"container\" data-e-type=\"container\" data-settings=\"{&quot;background_background&quot;:&quot;classic&quot;}\">\n\t\t\t\t<div class=\"elementor-element elementor-element-b5b8720 elementor-widget elementor-widget-text-editor\" data-id=\"b5b8720\" data-element_type=\"widget\" data-e-type=\"widget\" data-widget_type=\"text-editor.default\">\n\t\t\t\t\t\t\t\t\t<p><strong>Pol\u00edticas nacionales<\/strong><\/p>\n<p>HECHO: Disponer de una mano de obra formada es un motor clave del crecimiento econ\u00f3mico y el indicador m\u00e1s importante de los ingresos potenciales a lo largo de la vida.<\/p>\n<p>HECHO: en 2020, el 61% de los puestos de trabajo en Carolina del Norte requerir\u00e1n educaci\u00f3n superior. Se espera que el crecimiento del empleo aumente un 21% en el mismo periodo.<\/p>\n<p>HECHO: Hasta ahora, 16 estados han aprobado leyes que permiten a ciertos graduados indocumentados de la escuela secundaria pagar las tarifas estatales para la universidad (4 permiten a los estudiantes solicitar ayuda financiera). Otros han presentado legislaci\u00f3n.<\/p>\n<p>\u00abSon parte de nuestro futuro, por lo que tiene sentido reducir las barreras que les impiden avanzar en su educaci\u00f3n y en sus estudios. &#8230;. Cuanta m\u00e1s educaci\u00f3n reciban, mejor preparados estar\u00e1n para convertirse en ciudadanos activos\u00bb, declar\u00f3 el senador republicano Lloyd Smucker, de Pensilvania, tras presentar una ley para que su estado ofrezca matr\u00edcula estatal a los estudiantes indocumentados que cumplan los requisitos.<\/p>\n<p>HECHO: Texas fue el primer estado en aprobar una ley que permit\u00eda a los estudiantes indocumentados pagar la matr\u00edcula estatal en 2001. Firmada por el Gobernador Rick Perry, la ley recibi\u00f3 un apoyo casi un\u00e1nime.<\/p>\n<p>HECHO: Los votantes de Maryland aprobaron un refer\u00e9ndum en 2012 para permitir que los estudiantes indocumentados cualificados paguen la matr\u00edcula universitaria estatal.<\/p>\n<p>HECHO: Los beneficios netos totales estimados para la econom\u00eda de una promoci\u00f3n de estudiantes indocumentados que se aprovechan de las pol\u00edticas de matr\u00edcula estatal de Maryland son de aproximadamente 66 millones de d\u00f3lares en 2011.<\/p>\n<p>HECHO: Los estudios demuestran que hay un 31% m\u00e1s de latinos no ciudadanos que se matriculan en la ense\u00f1anza superior en los estados con pol\u00edticas inclusivas de matr\u00edcula estatal.<\/p>\n<p>HECHO: Las pol\u00edticas de matr\u00edcula estatal inclusiva reducen la tasa de abandono escolar de los latinos no ciudadanos en un 14%, seg\u00fan los estudios.<\/p>\n<p>\u00ab\u00bfVamos a enviar a estos j\u00f3venes por el camino del \u00e9xito y a formar parte de la historia de \u00e9xito de Texas? \u00bfO vamos a prohib\u00edrselo porque no vamos a permitirles que puedan permitirse ir a la universidad, y b\u00e1sicamente los vamos a poner en la subsistencia del gobierno?\u00bb-Gobernador republicano Rick Perry.<\/p>\n\t\t\t\t\t\t\t\t<\/div>\n\t\t\t\t<\/div>\n\t\t\t\t\t<\/div>\n\t\t\t\t<\/div>\n\t\t\t\t<\/div>\n\t\t\t\t\t<\/div>\n\t\t\t\t<\/div>\n\t\t<div class=\"elementor-element elementor-element-d467f37 e-con-full e-flex e-con e-parent\" data-id=\"d467f37\" data-element_type=\"container\" data-e-type=\"container\" id=\"History\">\n\t\t<div class=\"elementor-element elementor-element-3d97092 e-flex e-con-boxed e-con e-child\" data-id=\"3d97092\" data-element_type=\"container\" data-e-type=\"container\">\n\t\t\t\t\t<div class=\"e-con-inner\">\n\t\t\t\t<div class=\"elementor-element elementor-element-38939a7 elementor-widget elementor-widget-heading\" data-id=\"38939a7\" data-element_type=\"widget\" data-e-type=\"widget\" data-widget_type=\"heading.default\">\n\t\t\t\t\t<h2 class=\"elementor-heading-title elementor-size-default\">Historia<\/h2>\t\t\t\t<\/div>\n\t\t\t\t\t<\/div>\n\t\t\t\t<\/div>\n\t\t<div class=\"elementor-element elementor-element-eb09e8c e-con-full e-flex e-con e-child\" data-id=\"eb09e8c\" data-element_type=\"container\" data-e-type=\"container\">\n\t\t\t\t<div class=\"elementor-element elementor-element-76e7c0b elementor-arrows-position-inside elementor-widget elementor-widget-n-carousel\" data-id=\"76e7c0b\" data-element_type=\"widget\" data-e-type=\"widget\" data-settings=\"{&quot;carousel_items&quot;:[{&quot;slide_title&quot;:&quot;1982&quot;,&quot;_id&quot;:&quot;e1659a8&quot;},{&quot;slide_title&quot;:&quot;2003&quot;,&quot;_id&quot;:&quot;5a239d4&quot;},{&quot;slide_title&quot;:&quot;2004&quot;,&quot;_id&quot;:&quot;e585fee&quot;},{&quot;slide_title&quot;:&quot;2005&quot;,&quot;_id&quot;:&quot;f8283ab&quot;},{&quot;slide_title&quot;:&quot;2007&quot;,&quot;_id&quot;:&quot;6e49c63&quot;},{&quot;slide_title&quot;:&quot;2008&quot;,&quot;_id&quot;:&quot;f398289&quot;},{&quot;slide_title&quot;:&quot;2009&quot;,&quot;_id&quot;:&quot;51f6ceb&quot;},{&quot;slide_title&quot;:&quot;2010&quot;,&quot;_id&quot;:&quot;9483986&quot;},{&quot;slide_title&quot;:&quot;2012&quot;,&quot;_id&quot;:&quot;0babcff&quot;},{&quot;slide_title&quot;:&quot;2013&quot;,&quot;_id&quot;:&quot;34b290c&quot;},{&quot;slide_title&quot;:&quot;2014&quot;,&quot;_id&quot;:&quot;c874aa8&quot;},{&quot;slide_title&quot;:&quot;2015&quot;,&quot;_id&quot;:&quot;a8845ff&quot;},{&quot;slide_title&quot;:&quot;2017&quot;,&quot;_id&quot;:&quot;c3a0f94&quot;}],&quot;slides_to_show&quot;:&quot;3&quot;,&quot;slides_to_show_tablet&quot;:&quot;1&quot;,&quot;slides_to_scroll&quot;:&quot;1&quot;,&quot;image_spacing_custom&quot;:{&quot;unit&quot;:&quot;px&quot;,&quot;size&quot;:0,&quot;sizes&quot;:[]},&quot;slides_to_show_mobile&quot;:&quot;1&quot;,&quot;speed&quot;:500,&quot;arrows&quot;:&quot;yes&quot;,&quot;image_spacing_custom_tablet&quot;:{&quot;unit&quot;:&quot;px&quot;,&quot;size&quot;:&quot;&quot;,&quot;sizes&quot;:[]},&quot;image_spacing_custom_mobile&quot;:{&quot;unit&quot;:&quot;px&quot;,&quot;size&quot;:&quot;&quot;,&quot;sizes&quot;:[]}}\" data-widget_type=\"nested-carousel.default\">\n\t\t\t\t\t\t\t<div class=\"e-n-carousel swiper\" role=\"region\" aria-roledescription=\"carousel\" aria-label=\"Carrusel\" dir=\"ltr\">\n\t\t\t<div class=\"swiper-wrapper\" aria-live=\"polite\">\n\t\t\t\t\t\t\t\t\t\t<div class=\"swiper-slide\" data-slide=\"1\" role=\"group\" aria-roledescription=\"slide\" aria-label=\"1 of 13\">\n\t\t\t\t\t\t\t<div class=\"elementor-element elementor-element-2d28953 e-con-full e-flex e-con e-child\" data-id=\"2d28953\" data-element_type=\"container\" data-e-type=\"container\">\n\t\t<div class=\"elementor-element elementor-element-af0c4eb e-con-full e-flex e-con e-child\" data-id=\"af0c4eb\" data-element_type=\"container\" data-e-type=\"container\">\n\t\t\t\t<div class=\"elementor-element elementor-element-e00f2c8 elementor-widget elementor-widget-heading\" data-id=\"e00f2c8\" data-element_type=\"widget\" data-e-type=\"widget\" data-widget_type=\"heading.default\">\n\t\t\t\t\t<h3 class=\"elementor-heading-title elementor-size-default\">1982<\/h3>\t\t\t\t<\/div>\n\t\t\t\t<div class=\"elementor-element elementor-element-8a82258 elementor-widget-divider--view-line elementor-widget elementor-widget-divider\" data-id=\"8a82258\" data-element_type=\"widget\" data-e-type=\"widget\" data-widget_type=\"divider.default\">\n\t\t\t\t\t\t\t<div class=\"elementor-divider\">\n\t\t\t<span class=\"elementor-divider-separator\">\n\t\t\t\t\t\t<\/span>\n\t\t<\/div>\n\t\t\t\t\t\t<\/div>\n\t\t\t\t<\/div>\n\t\t<div class=\"elementor-element elementor-element-bf66c1c e-con-full e-flex e-con e-child\" data-id=\"bf66c1c\" data-element_type=\"container\" data-e-type=\"container\">\n\t\t<div class=\"elementor-element elementor-element-4d0b66d e-flex e-con-boxed e-con e-child\" data-id=\"4d0b66d\" data-element_type=\"container\" data-e-type=\"container\" data-settings=\"{&quot;background_background&quot;:&quot;classic&quot;}\">\n\t\t\t\t\t<div class=\"e-con-inner\">\n\t\t\t\t<div class=\"elementor-element elementor-element-09904c0 elementor-widget elementor-widget-image\" data-id=\"09904c0\" data-element_type=\"widget\" data-e-type=\"widget\" data-widget_type=\"image.default\">\n\t\t\t\t\t\t\t\t\t\t\t\t\t\t\t<img fetchpriority=\"high\" decoding=\"async\" width=\"266\" height=\"190\" src=\"https:\/\/adelantenc.org\/wp-content\/uploads\/2024\/02\/Plyler-vs-Doe-in-1982.jpg\" class=\"attachment-large size-large wp-image-1273\" alt=\"\" \/>\t\t\t\t\t\t\t\t\t\t\t\t\t\t\t<\/div>\n\t\t\t\t<div class=\"elementor-element elementor-element-0ceb529 elementor-widget elementor-widget-text-editor\" data-id=\"0ceb529\" data-element_type=\"widget\" data-e-type=\"widget\" data-widget_type=\"text-editor.default\">\n\t\t\t\t\t\t\t\t\t<p>La sentencia del Tribunal Supremo Plyler contra Doe de 1982 garantiz\u00f3 el derecho de todos los estudiantes, independientemente de su situaci\u00f3n migratoria, a recibir educaci\u00f3n secundaria.<\/p>\n\t\t\t\t\t\t\t\t<\/div>\n\t\t\t\t\t<\/div>\n\t\t\t\t<\/div>\n\t\t\t\t<\/div>\n\t\t\t\t<\/div>\n\t\t\t\t\t\t\t\t<\/div>\n\t\t\t\t\t\t\t\t\t\t\t<div class=\"swiper-slide\" data-slide=\"2\" role=\"group\" aria-roledescription=\"slide\" aria-label=\"2 of 13\">\n\t\t\t\t\t\t\t<div class=\"elementor-element elementor-element-36d23c9 e-con-full e-flex e-con e-child\" data-id=\"36d23c9\" data-element_type=\"container\" data-e-type=\"container\">\n\t\t<div class=\"elementor-element elementor-element-d572050 e-con-full e-flex e-con e-child\" data-id=\"d572050\" data-element_type=\"container\" data-e-type=\"container\">\n\t\t\t\t<div class=\"elementor-element elementor-element-90651ff elementor-widget elementor-widget-heading\" data-id=\"90651ff\" data-element_type=\"widget\" data-e-type=\"widget\" data-widget_type=\"heading.default\">\n\t\t\t\t\t<h3 class=\"elementor-heading-title elementor-size-default\">2003<\/h3>\t\t\t\t<\/div>\n\t\t\t\t<div class=\"elementor-element elementor-element-0631308 elementor-widget-divider--view-line elementor-widget elementor-widget-divider\" data-id=\"0631308\" data-element_type=\"widget\" data-e-type=\"widget\" data-widget_type=\"divider.default\">\n\t\t\t\t\t\t\t<div class=\"elementor-divider\">\n\t\t\t<span class=\"elementor-divider-separator\">\n\t\t\t\t\t\t<\/span>\n\t\t<\/div>\n\t\t\t\t\t\t<\/div>\n\t\t\t\t<\/div>\n\t\t<div class=\"elementor-element elementor-element-90bab8b e-con-full e-flex e-con e-child\" data-id=\"90bab8b\" data-element_type=\"container\" data-e-type=\"container\">\n\t\t<div class=\"elementor-element elementor-element-a904187 e-flex e-con-boxed e-con e-child\" data-id=\"a904187\" data-element_type=\"container\" data-e-type=\"container\" data-settings=\"{&quot;background_background&quot;:&quot;classic&quot;}\">\n\t\t\t\t\t<div class=\"e-con-inner\">\n\t\t\t\t<div class=\"elementor-element elementor-element-e81c7da elementor-widget elementor-widget-image\" data-id=\"e81c7da\" data-element_type=\"widget\" data-e-type=\"widget\" data-widget_type=\"image.default\">\n\t\t\t\t\t\t\t\t\t\t\t\t\t\t\t<img decoding=\"async\" width=\"427\" height=\"427\" src=\"https:\/\/adelantenc.org\/wp-content\/uploads\/2024\/02\/avatar.jpg\" class=\"attachment-large size-large wp-image-1278\" alt=\"\" srcset=\"https:\/\/adelantenc.org\/wp-content\/uploads\/2024\/02\/avatar.jpg 427w, https:\/\/adelantenc.org\/wp-content\/uploads\/2024\/02\/avatar-300x300.jpg 300w, https:\/\/adelantenc.org\/wp-content\/uploads\/2024\/02\/avatar-150x150.jpg 150w\" sizes=\"(max-width: 427px) 100vw, 427px\" \/>\t\t\t\t\t\t\t\t\t\t\t\t\t\t\t<\/div>\n\t\t\t\t<div class=\"elementor-element elementor-element-bf4f0df elementor-widget elementor-widget-text-editor\" data-id=\"bf4f0df\" data-element_type=\"widget\" data-e-type=\"widget\" data-widget_type=\"text-editor.default\">\n\t\t\t\t\t\t\t\t\t<p>Sen. Eric Reeves (D-Wake) introdujo SB 987: Aumentar el acceso a la educaci\u00f3n, lo que habr\u00eda permitido a una persona que ha asistido a la escuela en Carolina del Norte durante al menos cuatro a\u00f1os y recibi\u00f3 un diploma de escuela secundaria de una escuela dentro de Carolina del Norte o ha obtenido un diploma de educaci\u00f3n general (GED) emitido en Carolina del Norte para ser concedido el estatuto de residente de matr\u00edcula. El proyecto de ley muri\u00f3 en comisi\u00f3n.<\/p>\n\t\t\t\t\t\t\t\t<\/div>\n\t\t\t\t\t<\/div>\n\t\t\t\t<\/div>\n\t\t\t\t<\/div>\n\t\t\t\t<\/div>\n\t\t\t\t\t\t\t\t<\/div>\n\t\t\t\t\t\t\t\t\t\t\t<div class=\"swiper-slide\" data-slide=\"3\" role=\"group\" aria-roledescription=\"slide\" aria-label=\"3 of 13\">\n\t\t\t\t\t\t\t<div class=\"elementor-element elementor-element-187c7ab e-con-full e-flex e-con e-child\" data-id=\"187c7ab\" data-element_type=\"container\" data-e-type=\"container\">\n\t\t<div class=\"elementor-element elementor-element-7f9a49f e-con-full e-flex e-con e-child\" data-id=\"7f9a49f\" data-element_type=\"container\" data-e-type=\"container\">\n\t\t\t\t<div class=\"elementor-element elementor-element-7bc9db8 elementor-widget elementor-widget-heading\" data-id=\"7bc9db8\" data-element_type=\"widget\" data-e-type=\"widget\" data-widget_type=\"heading.default\">\n\t\t\t\t\t<h3 class=\"elementor-heading-title elementor-size-default\">2004<\/h3>\t\t\t\t<\/div>\n\t\t\t\t<div class=\"elementor-element elementor-element-2dc8a45 elementor-widget-divider--view-line elementor-widget elementor-widget-divider\" data-id=\"2dc8a45\" data-element_type=\"widget\" data-e-type=\"widget\" data-widget_type=\"divider.default\">\n\t\t\t\t\t\t\t<div class=\"elementor-divider\">\n\t\t\t<span class=\"elementor-divider-separator\">\n\t\t\t\t\t\t<\/span>\n\t\t<\/div>\n\t\t\t\t\t\t<\/div>\n\t\t\t\t<\/div>\n\t\t<div class=\"elementor-element elementor-element-9e716c4 e-con-full e-flex e-con e-child\" data-id=\"9e716c4\" data-element_type=\"container\" data-e-type=\"container\">\n\t\t<div class=\"elementor-element elementor-element-4b9be19 e-flex e-con-boxed e-con e-child\" data-id=\"4b9be19\" data-element_type=\"container\" data-e-type=\"container\" data-settings=\"{&quot;background_background&quot;:&quot;classic&quot;}\">\n\t\t\t\t\t<div class=\"e-con-inner\">\n\t\t\t\t<div class=\"elementor-element elementor-element-42e51b2 elementor-widget elementor-widget-image\" data-id=\"42e51b2\" data-element_type=\"widget\" data-e-type=\"widget\" data-widget_type=\"image.default\">\n\t\t\t\t\t\t\t\t\t\t\t\t\t\t\t<img decoding=\"async\" width=\"800\" height=\"276\" src=\"https:\/\/adelantenc.org\/wp-content\/uploads\/2024\/02\/NCCCS_logo_3C_small-1024x353.png\" class=\"attachment-large size-large wp-image-1279\" alt=\"\" srcset=\"https:\/\/adelantenc.org\/wp-content\/uploads\/2024\/02\/NCCCS_logo_3C_small-1024x353.png 1024w, https:\/\/adelantenc.org\/wp-content\/uploads\/2024\/02\/NCCCS_logo_3C_small-300x103.png 300w, https:\/\/adelantenc.org\/wp-content\/uploads\/2024\/02\/NCCCS_logo_3C_small-768x265.png 768w, https:\/\/adelantenc.org\/wp-content\/uploads\/2024\/02\/NCCCS_logo_3C_small.png 1114w\" sizes=\"(max-width: 800px) 100vw, 800px\" \/>\t\t\t\t\t\t\t\t\t\t\t\t\t\t\t<\/div>\n\t\t\t\t<div class=\"elementor-element elementor-element-c4a1d39 elementor-widget elementor-widget-text-editor\" data-id=\"c4a1d39\" data-element_type=\"widget\" data-e-type=\"widget\" data-widget_type=\"text-editor.default\">\n\t\t\t\t\t\t\t\t\t<p>El Sistema de Colegios Comunitarios de Carolina del Norte (NCCCS) emiti\u00f3 un memorando en el que afirma que los colegios comunitarios locales tienen la facultad discrecional de aplicar pol\u00edticas de admisi\u00f3n que permitan la inscripci\u00f3n de solicitantes no inmigrantes indocumentados en programas de estudios, educaci\u00f3n continua y habilidades b\u00e1sicas. Los solicitantes no inmigrantes indocumentados no tienen derecho a la residencia en el estado para la matr\u00edcula y se les cobrar\u00e1 la tasa de matr\u00edcula fuera del estado para los programas del plan de estudios.<\/p>\n\t\t\t\t\t\t\t\t<\/div>\n\t\t\t\t\t<\/div>\n\t\t\t\t<\/div>\n\t\t\t\t<\/div>\n\t\t\t\t<\/div>\n\t\t\t\t\t\t\t\t<\/div>\n\t\t\t\t\t\t\t\t\t\t\t<div class=\"swiper-slide\" data-slide=\"4\" role=\"group\" aria-roledescription=\"slide\" aria-label=\"4 of 13\">\n\t\t\t\t\t\t\t<div class=\"elementor-element elementor-element-9370ca4 e-con-full e-flex e-con e-child\" data-id=\"9370ca4\" data-element_type=\"container\" data-e-type=\"container\">\n\t\t<div class=\"elementor-element elementor-element-fdb8607 e-con-full e-flex e-con e-child\" data-id=\"fdb8607\" data-element_type=\"container\" data-e-type=\"container\">\n\t\t\t\t<div class=\"elementor-element elementor-element-e0d2ddb elementor-widget elementor-widget-heading\" data-id=\"e0d2ddb\" data-element_type=\"widget\" data-e-type=\"widget\" data-widget_type=\"heading.default\">\n\t\t\t\t\t<h3 class=\"elementor-heading-title elementor-size-default\">2005<\/h3>\t\t\t\t<\/div>\n\t\t\t\t<div class=\"elementor-element elementor-element-c11497b elementor-widget-divider--view-line elementor-widget elementor-widget-divider\" data-id=\"c11497b\" data-element_type=\"widget\" data-e-type=\"widget\" data-widget_type=\"divider.default\">\n\t\t\t\t\t\t\t<div class=\"elementor-divider\">\n\t\t\t<span class=\"elementor-divider-separator\">\n\t\t\t\t\t\t<\/span>\n\t\t<\/div>\n\t\t\t\t\t\t<\/div>\n\t\t\t\t<\/div>\n\t\t<div class=\"elementor-element elementor-element-cf07162 e-con-full e-flex e-con e-child\" data-id=\"cf07162\" data-element_type=\"container\" data-e-type=\"container\">\n\t\t<div class=\"elementor-element elementor-element-45d2903 e-flex e-con-boxed e-con e-child\" data-id=\"45d2903\" data-element_type=\"container\" data-e-type=\"container\" data-settings=\"{&quot;background_background&quot;:&quot;classic&quot;}\">\n\t\t\t\t\t<div class=\"e-con-inner\">\n\t\t\t\t<div class=\"elementor-element elementor-element-05f58f1 elementor-widget elementor-widget-image\" data-id=\"05f58f1\" data-element_type=\"widget\" data-e-type=\"widget\" data-widget_type=\"image.default\">\n\t\t\t\t\t\t\t\t\t\t\t\t\t\t\t<img loading=\"lazy\" decoding=\"async\" width=\"604\" height=\"401\" src=\"https:\/\/adelantenc.org\/wp-content\/uploads\/2024\/02\/Rick-Glazier.jpg\" class=\"attachment-large size-large wp-image-1276\" alt=\"\" srcset=\"https:\/\/adelantenc.org\/wp-content\/uploads\/2024\/02\/Rick-Glazier.jpg 604w, https:\/\/adelantenc.org\/wp-content\/uploads\/2024\/02\/Rick-Glazier-300x199.jpg 300w\" sizes=\"(max-width: 604px) 100vw, 604px\" \/>\t\t\t\t\t\t\t\t\t\t\t\t\t\t\t<\/div>\n\t\t\t\t<div class=\"elementor-element elementor-element-c6b2ef0 elementor-widget elementor-widget-text-editor\" data-id=\"c6b2ef0\" data-element_type=\"widget\" data-e-type=\"widget\" data-widget_type=\"text-editor.default\">\n\t\t\t\t\t\t\t\t\t<p>El representante Rick Glazier (D-Cumberland) present\u00f3 el proyecto de ley HB 1183: Acceso a la educaci\u00f3n superior y un futuro econ\u00f3mico mejor, que habr\u00eda permitido a los estudiantes inmigrantes que son aceptados en cualquier universidad p\u00fablica de Carolina del Norte o colegio comunitario, y que se han graduado de una escuela secundaria de Carolina del Norte y han vivido en el estado durante al menos 4 a\u00f1os, que se les permita pagar la matr\u00edcula estatal. El proyecto de ley muri\u00f3 en comisi\u00f3n.<\/p>\n\t\t\t\t\t\t\t\t<\/div>\n\t\t\t\t\t<\/div>\n\t\t\t\t<\/div>\n\t\t\t\t<\/div>\n\t\t\t\t<\/div>\n\t\t\t\t\t\t\t\t<\/div>\n\t\t\t\t\t\t\t\t\t\t\t<div class=\"swiper-slide\" data-slide=\"5\" role=\"group\" aria-roledescription=\"slide\" aria-label=\"5 of 13\">\n\t\t\t\t\t\t\t<div class=\"elementor-element elementor-element-40dfd2a e-con-full e-flex e-con e-child\" data-id=\"40dfd2a\" data-element_type=\"container\" data-e-type=\"container\">\n\t\t<div class=\"elementor-element elementor-element-b8dae40 e-con-full e-flex e-con e-child\" data-id=\"b8dae40\" data-element_type=\"container\" data-e-type=\"container\">\n\t\t\t\t<div class=\"elementor-element elementor-element-32092fe elementor-widget elementor-widget-heading\" data-id=\"32092fe\" data-element_type=\"widget\" data-e-type=\"widget\" data-widget_type=\"heading.default\">\n\t\t\t\t\t<h3 class=\"elementor-heading-title elementor-size-default\">2007<\/h3>\t\t\t\t<\/div>\n\t\t\t\t<div class=\"elementor-element elementor-element-fe8044e elementor-widget-divider--view-line elementor-widget elementor-widget-divider\" data-id=\"fe8044e\" data-element_type=\"widget\" data-e-type=\"widget\" data-widget_type=\"divider.default\">\n\t\t\t\t\t\t\t<div class=\"elementor-divider\">\n\t\t\t<span class=\"elementor-divider-separator\">\n\t\t\t\t\t\t<\/span>\n\t\t<\/div>\n\t\t\t\t\t\t<\/div>\n\t\t\t\t<\/div>\n\t\t<div class=\"elementor-element elementor-element-1bb5084 e-con-full e-flex e-con e-child\" data-id=\"1bb5084\" data-element_type=\"container\" data-e-type=\"container\">\n\t\t<div class=\"elementor-element elementor-element-e7ff197 e-flex e-con-boxed e-con e-child\" data-id=\"e7ff197\" data-element_type=\"container\" data-e-type=\"container\" data-settings=\"{&quot;background_background&quot;:&quot;classic&quot;}\">\n\t\t\t\t\t<div class=\"e-con-inner\">\n\t\t\t\t<div class=\"elementor-element elementor-element-c47a1c7 elementor-widget elementor-widget-image\" data-id=\"c47a1c7\" data-element_type=\"widget\" data-e-type=\"widget\" data-widget_type=\"image.default\">\n\t\t\t\t\t\t\t\t\t\t\t\t\t\t\t<img loading=\"lazy\" decoding=\"async\" width=\"800\" height=\"558\" src=\"https:\/\/adelantenc.org\/wp-content\/uploads\/2024\/02\/Caswell_Building.jpg\" class=\"attachment-large size-large wp-image-1277\" alt=\"\" srcset=\"https:\/\/adelantenc.org\/wp-content\/uploads\/2024\/02\/Caswell_Building.jpg 1024w, https:\/\/adelantenc.org\/wp-content\/uploads\/2024\/02\/Caswell_Building-300x209.jpg 300w, https:\/\/adelantenc.org\/wp-content\/uploads\/2024\/02\/Caswell_Building-768x536.jpg 768w\" sizes=\"(max-width: 800px) 100vw, 800px\" \/>\t\t\t\t\t\t\t\t\t\t\t\t\t\t\t<\/div>\n\t\t\t\t<div class=\"elementor-element elementor-element-7873b4b elementor-widget elementor-widget-text-editor\" data-id=\"7873b4b\" data-element_type=\"widget\" data-e-type=\"widget\" data-widget_type=\"text-editor.default\">\n\t\t\t\t\t\t\t\t\t<p>El representante Rick Glazier (D-Cumberland) present\u00f3 el proyecto de ley HB 1183: Acceso a la educaci\u00f3n superior y un futuro econ\u00f3mico mejor, que habr\u00eda permitido a los estudiantes inmigrantes que son aceptados en cualquier universidad p\u00fablica de Carolina del Norte o colegio comunitario, y que se han graduado de una escuela secundaria de Carolina del Norte y han vivido en el estado durante al menos 4 a\u00f1os, que se les permita pagar la matr\u00edcula estatal. El proyecto de ley muri\u00f3 en comisi\u00f3n.<\/p>\n\t\t\t\t\t\t\t\t<\/div>\n\t\t\t\t\t<\/div>\n\t\t\t\t<\/div>\n\t\t\t\t<\/div>\n\t\t\t\t<\/div>\n\t\t\t\t\t\t\t\t<\/div>\n\t\t\t\t\t\t\t\t\t\t\t<div class=\"swiper-slide\" data-slide=\"6\" role=\"group\" aria-roledescription=\"slide\" aria-label=\"6 of 13\">\n\t\t\t\t\t\t\t<div class=\"elementor-element elementor-element-4649116 e-con-full e-flex e-con e-child\" data-id=\"4649116\" data-element_type=\"container\" data-e-type=\"container\">\n\t\t<div class=\"elementor-element elementor-element-e8692b5 e-con-full e-flex e-con e-child\" data-id=\"e8692b5\" data-element_type=\"container\" data-e-type=\"container\">\n\t\t\t\t<div class=\"elementor-element elementor-element-b495d63 elementor-widget elementor-widget-heading\" data-id=\"b495d63\" data-element_type=\"widget\" data-e-type=\"widget\" data-widget_type=\"heading.default\">\n\t\t\t\t\t<h3 class=\"elementor-heading-title elementor-size-default\">2008<\/h3>\t\t\t\t<\/div>\n\t\t\t\t<div class=\"elementor-element elementor-element-592b5a0 elementor-widget-divider--view-line elementor-widget elementor-widget-divider\" data-id=\"592b5a0\" data-element_type=\"widget\" data-e-type=\"widget\" data-widget_type=\"divider.default\">\n\t\t\t\t\t\t\t<div class=\"elementor-divider\">\n\t\t\t<span class=\"elementor-divider-separator\">\n\t\t\t\t\t\t<\/span>\n\t\t<\/div>\n\t\t\t\t\t\t<\/div>\n\t\t\t\t<\/div>\n\t\t<div class=\"elementor-element elementor-element-c5ae1e5 e-con-full e-flex e-con e-child\" data-id=\"c5ae1e5\" data-element_type=\"container\" data-e-type=\"container\">\n\t\t<div class=\"elementor-element elementor-element-ab2f6e6 e-flex e-con-boxed e-con e-child\" data-id=\"ab2f6e6\" data-element_type=\"container\" data-e-type=\"container\" data-settings=\"{&quot;background_background&quot;:&quot;classic&quot;}\">\n\t\t\t\t\t<div class=\"e-con-inner\">\n\t\t\t\t<div class=\"elementor-element elementor-element-cd8981a elementor-widget elementor-widget-image\" data-id=\"cd8981a\" data-element_type=\"widget\" data-e-type=\"widget\" data-widget_type=\"image.default\">\n\t\t\t\t\t\t\t\t\t\t\t\t\t\t\t<img loading=\"lazy\" decoding=\"async\" width=\"640\" height=\"430\" src=\"https:\/\/adelantenc.org\/wp-content\/uploads\/2024\/02\/kyo-azuma-x_TJKVU1FJA-unsplash.jpg\" class=\"attachment-large size-large wp-image-1284\" alt=\"\" srcset=\"https:\/\/adelantenc.org\/wp-content\/uploads\/2024\/02\/kyo-azuma-x_TJKVU1FJA-unsplash.jpg 640w, https:\/\/adelantenc.org\/wp-content\/uploads\/2024\/02\/kyo-azuma-x_TJKVU1FJA-unsplash-300x202.jpg 300w\" sizes=\"(max-width: 640px) 100vw, 640px\" \/>\t\t\t\t\t\t\t\t\t\t\t\t\t\t\t<\/div>\n\t\t\t\t<div class=\"elementor-element elementor-element-8a8745a elementor-widget elementor-widget-text-editor\" data-id=\"8a8745a\" data-element_type=\"widget\" data-e-type=\"widget\" data-widget_type=\"text-editor.default\">\n\t\t\t\t\t\t\t\t\t<p>El representante Rick Glazier (D-Cumberland) present\u00f3 el proyecto de ley HB 1183: Acceso a la educaci\u00f3n superior y un futuro econ\u00f3mico mejor, que habr\u00eda permitido a los estudiantes inmigrantes que son aceptados en cualquier universidad p\u00fablica de Carolina del Norte o colegio comunitario, y que se han graduado de una escuela secundaria de Carolina del Norte y han vivido en el estado durante al menos 4 a\u00f1os, que se les permita pagar la matr\u00edcula estatal. El proyecto de ley muri\u00f3 en comisi\u00f3n.<\/p>\n\t\t\t\t\t\t\t\t<\/div>\n\t\t\t\t\t<\/div>\n\t\t\t\t<\/div>\n\t\t\t\t<\/div>\n\t\t\t\t<\/div>\n\t\t\t\t\t\t\t\t<\/div>\n\t\t\t\t\t\t\t\t\t\t\t<div class=\"swiper-slide\" data-slide=\"7\" role=\"group\" aria-roledescription=\"slide\" aria-label=\"7 of 13\">\n\t\t\t\t\t\t\t<div class=\"elementor-element elementor-element-0dee102 e-con-full e-flex e-con e-child\" data-id=\"0dee102\" data-element_type=\"container\" data-e-type=\"container\">\n\t\t<div class=\"elementor-element elementor-element-0502148 e-con-full e-flex e-con e-child\" data-id=\"0502148\" data-element_type=\"container\" data-e-type=\"container\">\n\t\t\t\t<div class=\"elementor-element elementor-element-ef9541c elementor-widget elementor-widget-heading\" data-id=\"ef9541c\" data-element_type=\"widget\" data-e-type=\"widget\" data-widget_type=\"heading.default\">\n\t\t\t\t\t<h3 class=\"elementor-heading-title elementor-size-default\">2009<\/h3>\t\t\t\t<\/div>\n\t\t\t\t<div class=\"elementor-element elementor-element-52ced17 elementor-widget-divider--view-line elementor-widget elementor-widget-divider\" data-id=\"52ced17\" data-element_type=\"widget\" data-e-type=\"widget\" data-widget_type=\"divider.default\">\n\t\t\t\t\t\t\t<div class=\"elementor-divider\">\n\t\t\t<span class=\"elementor-divider-separator\">\n\t\t\t\t\t\t<\/span>\n\t\t<\/div>\n\t\t\t\t\t\t<\/div>\n\t\t\t\t<\/div>\n\t\t<div class=\"elementor-element elementor-element-6640e5b e-con-full e-flex e-con e-child\" data-id=\"6640e5b\" data-element_type=\"container\" data-e-type=\"container\">\n\t\t<div class=\"elementor-element elementor-element-5e280ed e-flex e-con-boxed e-con e-child\" data-id=\"5e280ed\" data-element_type=\"container\" data-e-type=\"container\" data-settings=\"{&quot;background_background&quot;:&quot;classic&quot;}\">\n\t\t\t\t\t<div class=\"e-con-inner\">\n\t\t\t\t<div class=\"elementor-element elementor-element-bf51c5d elementor-widget elementor-widget-image\" data-id=\"bf51c5d\" data-element_type=\"widget\" data-e-type=\"widget\" data-widget_type=\"image.default\">\n\t\t\t\t\t\t\t\t\t\t\t\t\t\t\t<img loading=\"lazy\" decoding=\"async\" width=\"640\" height=\"427\" src=\"https:\/\/adelantenc.org\/wp-content\/uploads\/2024\/02\/vasily-koloda-8CqDvPuo_kI-unsplash.jpg\" class=\"attachment-large size-large wp-image-1285\" alt=\"\" srcset=\"https:\/\/adelantenc.org\/wp-content\/uploads\/2024\/02\/vasily-koloda-8CqDvPuo_kI-unsplash.jpg 640w, https:\/\/adelantenc.org\/wp-content\/uploads\/2024\/02\/vasily-koloda-8CqDvPuo_kI-unsplash-300x200.jpg 300w\" sizes=\"(max-width: 640px) 100vw, 640px\" \/>\t\t\t\t\t\t\t\t\t\t\t\t\t\t\t<\/div>\n\t\t\t\t<div class=\"elementor-element elementor-element-9a39ed4 elementor-widget elementor-widget-text-editor\" data-id=\"9a39ed4\" data-element_type=\"widget\" data-e-type=\"widget\" data-widget_type=\"text-editor.default\">\n\t\t\t\t\t\t\t\t\t<p>El NCCCS contrat\u00f3 a John B. Lee, presidente de una consultora especializada en la investigaci\u00f3n de pol\u00edticas de educaci\u00f3n postsecundaria en MD, para llevar a cabo su estudio sobre admisiones. Bas\u00e1ndose en la recomendaci\u00f3n del estudio, el NCCCS elabor\u00f3 una pol\u00edtica de admisi\u00f3n de estudiantes indocumentados en los colegios comunitarios y celebr\u00f3 una audiencia p\u00fablica sobre el tema.<\/p>\n\t\t\t\t\t\t\t\t<\/div>\n\t\t\t\t\t<\/div>\n\t\t\t\t<\/div>\n\t\t\t\t<\/div>\n\t\t\t\t<\/div>\n\t\t\t\t\t\t\t\t<\/div>\n\t\t\t\t\t\t\t\t\t\t\t<div class=\"swiper-slide\" data-slide=\"8\" role=\"group\" aria-roledescription=\"slide\" aria-label=\"8 of 13\">\n\t\t\t\t\t\t\t<div class=\"elementor-element elementor-element-93918f2 e-con-full e-flex e-con e-child\" data-id=\"93918f2\" data-element_type=\"container\" data-e-type=\"container\">\n\t\t<div class=\"elementor-element elementor-element-8c999d1 e-con-full e-flex e-con e-child\" data-id=\"8c999d1\" data-element_type=\"container\" data-e-type=\"container\">\n\t\t\t\t<div class=\"elementor-element elementor-element-987f0d0 elementor-widget elementor-widget-heading\" data-id=\"987f0d0\" data-element_type=\"widget\" data-e-type=\"widget\" data-widget_type=\"heading.default\">\n\t\t\t\t\t<h3 class=\"elementor-heading-title elementor-size-default\">2010<\/h3>\t\t\t\t<\/div>\n\t\t\t\t<div class=\"elementor-element elementor-element-8351152 elementor-widget-divider--view-line elementor-widget elementor-widget-divider\" data-id=\"8351152\" data-element_type=\"widget\" data-e-type=\"widget\" data-widget_type=\"divider.default\">\n\t\t\t\t\t\t\t<div class=\"elementor-divider\">\n\t\t\t<span class=\"elementor-divider-separator\">\n\t\t\t\t\t\t<\/span>\n\t\t<\/div>\n\t\t\t\t\t\t<\/div>\n\t\t\t\t<\/div>\n\t\t<div class=\"elementor-element elementor-element-b4cccd5 e-con-full e-flex e-con e-child\" data-id=\"b4cccd5\" data-element_type=\"container\" data-e-type=\"container\">\n\t\t<div class=\"elementor-element elementor-element-912ea94 e-flex e-con-boxed e-con e-child\" data-id=\"912ea94\" data-element_type=\"container\" data-e-type=\"container\" data-settings=\"{&quot;background_background&quot;:&quot;classic&quot;}\">\n\t\t\t\t\t<div class=\"e-con-inner\">\n\t\t\t\t<div class=\"elementor-element elementor-element-6cc77a4 elementor-widget elementor-widget-image\" data-id=\"6cc77a4\" data-element_type=\"widget\" data-e-type=\"widget\" data-widget_type=\"image.default\">\n\t\t\t\t\t\t\t\t\t\t\t\t\t\t\t<img loading=\"lazy\" decoding=\"async\" width=\"640\" height=\"427\" src=\"https:\/\/adelantenc.org\/wp-content\/uploads\/2024\/02\/tingey-injury-law-firm-veNb0DDegzE-unsplash.jpg\" class=\"attachment-large size-large wp-image-1286\" alt=\"\" srcset=\"https:\/\/adelantenc.org\/wp-content\/uploads\/2024\/02\/tingey-injury-law-firm-veNb0DDegzE-unsplash.jpg 640w, https:\/\/adelantenc.org\/wp-content\/uploads\/2024\/02\/tingey-injury-law-firm-veNb0DDegzE-unsplash-300x200.jpg 300w\" sizes=\"(max-width: 640px) 100vw, 640px\" \/>\t\t\t\t\t\t\t\t\t\t\t\t\t\t\t<\/div>\n\t\t\t\t<div class=\"elementor-element elementor-element-236a200 elementor-widget elementor-widget-text-editor\" data-id=\"236a200\" data-element_type=\"widget\" data-e-type=\"widget\" data-widget_type=\"text-editor.default\">\n\t\t\t\t\t\t\t\t\t<p>El NCCCS aprob\u00f3 una pol\u00edtica para admitir a estudiantes indocumentados en los 58 colegios comunitarios del estado de Carolina del Norte, con las siguientes restricciones: (1) los estudiantes indocumentados deben pagar la matr\u00edcula fuera del estado, $ 7, 700 por a\u00f1o y, y (2) un estudiante indocumentado puede ser retirado de una clase que est\u00e1 llena, si un residente legal o ciudadano quiere tomar la clase. La norma se convertir\u00e1 en ley cuando la Asamblea General de Carolina del Norte levante la sesi\u00f3n, a menos que se apruebe un proyecto de ley que la desapruebe.<\/p>\n\t\t\t\t\t\t\t\t<\/div>\n\t\t\t\t\t<\/div>\n\t\t\t\t<\/div>\n\t\t\t\t<\/div>\n\t\t\t\t<\/div>\n\t\t\t\t\t\t\t\t<\/div>\n\t\t\t\t\t\t\t\t\t\t\t<div class=\"swiper-slide\" data-slide=\"9\" role=\"group\" aria-roledescription=\"slide\" aria-label=\"9 of 13\">\n\t\t\t\t\t\t\t<div class=\"elementor-element elementor-element-209feba e-con-full e-flex e-con e-child\" data-id=\"209feba\" data-element_type=\"container\" data-e-type=\"container\">\n\t\t<div class=\"elementor-element elementor-element-9ff9648 e-con-full e-flex e-con e-child\" data-id=\"9ff9648\" data-element_type=\"container\" data-e-type=\"container\">\n\t\t\t\t<div class=\"elementor-element elementor-element-45f8edf elementor-widget elementor-widget-heading\" data-id=\"45f8edf\" data-element_type=\"widget\" data-e-type=\"widget\" data-widget_type=\"heading.default\">\n\t\t\t\t\t<h3 class=\"elementor-heading-title elementor-size-default\">2012<\/h3>\t\t\t\t<\/div>\n\t\t\t\t<div class=\"elementor-element elementor-element-4c9cab2 elementor-widget-divider--view-line elementor-widget elementor-widget-divider\" data-id=\"4c9cab2\" data-element_type=\"widget\" data-e-type=\"widget\" data-widget_type=\"divider.default\">\n\t\t\t\t\t\t\t<div class=\"elementor-divider\">\n\t\t\t<span class=\"elementor-divider-separator\">\n\t\t\t\t\t\t<\/span>\n\t\t<\/div>\n\t\t\t\t\t\t<\/div>\n\t\t\t\t<\/div>\n\t\t<div class=\"elementor-element elementor-element-a7e5fb5 e-con-full e-flex e-con e-child\" data-id=\"a7e5fb5\" data-element_type=\"container\" data-e-type=\"container\">\n\t\t<div class=\"elementor-element elementor-element-300655b e-flex e-con-boxed e-con e-child\" data-id=\"300655b\" data-element_type=\"container\" data-e-type=\"container\" data-settings=\"{&quot;background_background&quot;:&quot;classic&quot;}\">\n\t\t\t\t\t<div class=\"e-con-inner\">\n\t\t\t\t<div class=\"elementor-element elementor-element-d414d9e elementor-widget elementor-widget-image\" data-id=\"d414d9e\" data-element_type=\"widget\" data-e-type=\"widget\" data-widget_type=\"image.default\">\n\t\t\t\t\t\t\t\t\t\t\t\t\t\t\t<img loading=\"lazy\" decoding=\"async\" width=\"800\" height=\"570\" src=\"https:\/\/adelantenc.org\/wp-content\/uploads\/2024\/02\/Obama-cropped-GettyImages-1438285100-scaled-1-1024x730.jpg\" class=\"attachment-large size-large wp-image-1280\" alt=\"\" srcset=\"https:\/\/adelantenc.org\/wp-content\/uploads\/2024\/02\/Obama-cropped-GettyImages-1438285100-scaled-1-1024x730.jpg 1024w, https:\/\/adelantenc.org\/wp-content\/uploads\/2024\/02\/Obama-cropped-GettyImages-1438285100-scaled-1-300x214.jpg 300w, https:\/\/adelantenc.org\/wp-content\/uploads\/2024\/02\/Obama-cropped-GettyImages-1438285100-scaled-1-768x548.jpg 768w, https:\/\/adelantenc.org\/wp-content\/uploads\/2024\/02\/Obama-cropped-GettyImages-1438285100-scaled-1-1536x1096.jpg 1536w, https:\/\/adelantenc.org\/wp-content\/uploads\/2024\/02\/Obama-cropped-GettyImages-1438285100-scaled-1-2048x1461.jpg 2048w\" sizes=\"(max-width: 800px) 100vw, 800px\" \/>\t\t\t\t\t\t\t\t\t\t\t\t\t\t\t<\/div>\n\t\t\t\t<div class=\"elementor-element elementor-element-3d8d635 elementor-widget elementor-widget-text-editor\" data-id=\"3d8d635\" data-element_type=\"widget\" data-e-type=\"widget\" data-widget_type=\"text-editor.default\">\n\t\t\t\t\t\t\t\t\t<p>El 12 de junio, el presidente Barack Obama anunci\u00f3 protecci\u00f3n temporal para los j\u00f3venes bajo la \u00abacci\u00f3n diferida\u00bb. La Acci\u00f3n Diferida para los Llegados en la Infancia, o DACA, permite a los j\u00f3venes que cumplan ciertos requisitos solicitar un \u00abpermiso de trabajo\u00bb durante este periodo de dos a\u00f1os renovable.<\/p>\n\t\t\t\t\t\t\t\t<\/div>\n\t\t\t\t\t<\/div>\n\t\t\t\t<\/div>\n\t\t\t\t<\/div>\n\t\t\t\t<\/div>\n\t\t\t\t\t\t\t\t<\/div>\n\t\t\t\t\t\t\t\t\t\t\t<div class=\"swiper-slide\" data-slide=\"10\" role=\"group\" aria-roledescription=\"slide\" aria-label=\"10 of 13\">\n\t\t\t\t\t\t\t<div class=\"elementor-element elementor-element-a11d9e1 e-con-full e-flex e-con e-child\" data-id=\"a11d9e1\" data-element_type=\"container\" data-e-type=\"container\">\n\t\t<div class=\"elementor-element elementor-element-e28485b e-con-full e-flex e-con e-child\" data-id=\"e28485b\" data-element_type=\"container\" data-e-type=\"container\">\n\t\t\t\t<div class=\"elementor-element elementor-element-e949235 elementor-widget elementor-widget-heading\" data-id=\"e949235\" data-element_type=\"widget\" data-e-type=\"widget\" data-widget_type=\"heading.default\">\n\t\t\t\t\t<h3 class=\"elementor-heading-title elementor-size-default\">2013<\/h3>\t\t\t\t<\/div>\n\t\t\t\t<div class=\"elementor-element elementor-element-00c6f41 elementor-widget-divider--view-line elementor-widget elementor-widget-divider\" data-id=\"00c6f41\" data-element_type=\"widget\" data-e-type=\"widget\" data-widget_type=\"divider.default\">\n\t\t\t\t\t\t\t<div class=\"elementor-divider\">\n\t\t\t<span class=\"elementor-divider-separator\">\n\t\t\t\t\t\t<\/span>\n\t\t<\/div>\n\t\t\t\t\t\t<\/div>\n\t\t\t\t<\/div>\n\t\t<div class=\"elementor-element elementor-element-f6de123 e-con-full e-flex e-con e-child\" data-id=\"f6de123\" data-element_type=\"container\" data-e-type=\"container\">\n\t\t<div class=\"elementor-element elementor-element-3d893f9 e-flex e-con-boxed e-con e-child\" data-id=\"3d893f9\" data-element_type=\"container\" data-e-type=\"container\" data-settings=\"{&quot;background_background&quot;:&quot;classic&quot;}\">\n\t\t\t\t\t<div class=\"e-con-inner\">\n\t\t\t\t<div class=\"elementor-element elementor-element-0606bf9 elementor-widget elementor-widget-image\" data-id=\"0606bf9\" data-element_type=\"widget\" data-e-type=\"widget\" data-widget_type=\"image.default\">\n\t\t\t\t\t\t\t\t\t\t\t\t\t\t\t<img loading=\"lazy\" decoding=\"async\" width=\"800\" height=\"601\" src=\"https:\/\/adelantenc.org\/wp-content\/uploads\/2024\/02\/P1270019-1024x769-Adriel-Orozco.jpg\" class=\"attachment-large size-large wp-image-1161\" alt=\"\" srcset=\"https:\/\/adelantenc.org\/wp-content\/uploads\/2024\/02\/P1270019-1024x769-Adriel-Orozco.jpg 1024w, https:\/\/adelantenc.org\/wp-content\/uploads\/2024\/02\/P1270019-1024x769-Adriel-Orozco-300x225.jpg 300w, https:\/\/adelantenc.org\/wp-content\/uploads\/2024\/02\/P1270019-1024x769-Adriel-Orozco-768x577.jpg 768w\" sizes=\"(max-width: 800px) 100vw, 800px\" \/>\t\t\t\t\t\t\t\t\t\t\t\t\t\t\t<\/div>\n\t\t\t\t<div class=\"elementor-element elementor-element-d2fb6dd elementor-widget elementor-widget-text-editor\" data-id=\"d2fb6dd\" data-element_type=\"widget\" data-e-type=\"widget\" data-widget_type=\"text-editor.default\">\n\t\t\t\t\t\t\t\t\t<p>Representantes Paul Luebke (D-Durham), Rick Glazier (D-Cumberland), Tricia Cotham (D-Mecklenburg), y Charles Graham (D-Robeson) introdujo HB 904: The In-State Tuition\/Some N.C. Immigrant Youth Act, que permitir\u00eda a todos los j\u00f3venes que se han graduado de las escuelas secundarias de Carolina del Norte y han vivido en el estado durante al menos dos a\u00f1os pagar las tasas de matr\u00edcula estatal en nuestros colegios y universidades p\u00fablicas. El proyecto de ley pas\u00f3 la primera lectura y fue remitido a la Comisi\u00f3n de Educaci\u00f3n. En septiembre, el Sistema de Colegios Comunitarios de Carolina del Norte anunci\u00f3 que los estudiantes con DACA son elegibles para exenciones de patrocinio de negocios, lo que les permitir\u00eda asistir a las universidades dentro del Sistema de Colegios Comunitarios de Carolina del Norte a la tasa de matr\u00edcula estatal.<\/p>\n\t\t\t\t\t\t\t\t<\/div>\n\t\t\t\t\t<\/div>\n\t\t\t\t<\/div>\n\t\t\t\t<\/div>\n\t\t\t\t<\/div>\n\t\t\t\t\t\t\t\t<\/div>\n\t\t\t\t\t\t\t\t\t\t\t<div class=\"swiper-slide\" data-slide=\"11\" role=\"group\" aria-roledescription=\"slide\" aria-label=\"11 of 13\">\n\t\t\t\t\t\t\t<div class=\"elementor-element elementor-element-2e2a64c e-con-full e-flex e-con e-child\" data-id=\"2e2a64c\" data-element_type=\"container\" data-e-type=\"container\">\n\t\t<div class=\"elementor-element elementor-element-a3147a1 e-con-full e-flex e-con e-child\" data-id=\"a3147a1\" data-element_type=\"container\" data-e-type=\"container\">\n\t\t\t\t<div class=\"elementor-element elementor-element-f6c1acf elementor-widget elementor-widget-heading\" data-id=\"f6c1acf\" data-element_type=\"widget\" data-e-type=\"widget\" data-widget_type=\"heading.default\">\n\t\t\t\t\t<h3 class=\"elementor-heading-title elementor-size-default\">2014<\/h3>\t\t\t\t<\/div>\n\t\t\t\t<div class=\"elementor-element elementor-element-b2e76bc elementor-widget-divider--view-line elementor-widget elementor-widget-divider\" data-id=\"b2e76bc\" data-element_type=\"widget\" data-e-type=\"widget\" data-widget_type=\"divider.default\">\n\t\t\t\t\t\t\t<div class=\"elementor-divider\">\n\t\t\t<span class=\"elementor-divider-separator\">\n\t\t\t\t\t\t<\/span>\n\t\t<\/div>\n\t\t\t\t\t\t<\/div>\n\t\t\t\t<\/div>\n\t\t<div class=\"elementor-element elementor-element-075aea8 e-con-full e-flex e-con e-child\" data-id=\"075aea8\" data-element_type=\"container\" data-e-type=\"container\">\n\t\t<div class=\"elementor-element elementor-element-1f773b5 e-flex e-con-boxed e-con e-child\" data-id=\"1f773b5\" data-element_type=\"container\" data-e-type=\"container\" data-settings=\"{&quot;background_background&quot;:&quot;classic&quot;}\">\n\t\t\t\t\t<div class=\"e-con-inner\">\n\t\t\t\t<div class=\"elementor-element elementor-element-a6c8e57 elementor-widget elementor-widget-image\" data-id=\"a6c8e57\" data-element_type=\"widget\" data-e-type=\"widget\" data-widget_type=\"image.default\">\n\t\t\t\t\t\t\t\t\t\t\t\t\t\t\t<img loading=\"lazy\" decoding=\"async\" width=\"640\" height=\"427\" src=\"https:\/\/adelantenc.org\/wp-content\/uploads\/2024\/02\/metin-ozer-spFYbCSF-Ec-unsplash.jpg\" class=\"attachment-large size-large wp-image-1281\" alt=\"\" srcset=\"https:\/\/adelantenc.org\/wp-content\/uploads\/2024\/02\/metin-ozer-spFYbCSF-Ec-unsplash.jpg 640w, https:\/\/adelantenc.org\/wp-content\/uploads\/2024\/02\/metin-ozer-spFYbCSF-Ec-unsplash-300x200.jpg 300w\" sizes=\"(max-width: 640px) 100vw, 640px\" \/>\t\t\t\t\t\t\t\t\t\t\t\t\t\t\t<\/div>\n\t\t\t\t<div class=\"elementor-element elementor-element-7a3a318 elementor-widget elementor-widget-text-editor\" data-id=\"7a3a318\" data-element_type=\"widget\" data-e-type=\"widget\" data-widget_type=\"text-editor.default\">\n\t\t\t\t\t\t\t\t\t<p>El 24 de enero, el NCCCS aclar\u00f3 las circunstancias de los estudiantes indocumentados y las cuestiones relativas a la matr\u00edcula estatal tanto para estudiantes indocumentados como para estudiantes DACA. Adem\u00e1s, este memorando manten\u00eda la imposibilidad de que los estudiantes indocumentados obtuvieran una licencia profesional del estado de Carolina del Norte.<\/p>\n\t\t\t\t\t\t\t\t<\/div>\n\t\t\t\t\t<\/div>\n\t\t\t\t<\/div>\n\t\t\t\t<\/div>\n\t\t\t\t<\/div>\n\t\t\t\t\t\t\t\t<\/div>\n\t\t\t\t\t\t\t\t\t\t\t<div class=\"swiper-slide\" data-slide=\"12\" role=\"group\" aria-roledescription=\"slide\" aria-label=\"12 of 13\">\n\t\t\t\t\t\t\t<div class=\"elementor-element elementor-element-0f55e75 e-con-full e-flex e-con e-child\" data-id=\"0f55e75\" data-element_type=\"container\" data-e-type=\"container\">\n\t\t<div class=\"elementor-element elementor-element-0ad9c01 e-con-full e-flex e-con e-child\" data-id=\"0ad9c01\" data-element_type=\"container\" data-e-type=\"container\">\n\t\t\t\t<div class=\"elementor-element elementor-element-c2bdb18 elementor-widget elementor-widget-heading\" data-id=\"c2bdb18\" data-element_type=\"widget\" data-e-type=\"widget\" data-widget_type=\"heading.default\">\n\t\t\t\t\t<h3 class=\"elementor-heading-title elementor-size-default\">2015<\/h3>\t\t\t\t<\/div>\n\t\t\t\t<div class=\"elementor-element elementor-element-88bdb88 elementor-widget-divider--view-line elementor-widget elementor-widget-divider\" data-id=\"88bdb88\" data-element_type=\"widget\" data-e-type=\"widget\" data-widget_type=\"divider.default\">\n\t\t\t\t\t\t\t<div class=\"elementor-divider\">\n\t\t\t<span class=\"elementor-divider-separator\">\n\t\t\t\t\t\t<\/span>\n\t\t<\/div>\n\t\t\t\t\t\t<\/div>\n\t\t\t\t<\/div>\n\t\t<div class=\"elementor-element elementor-element-e57ea95 e-con-full e-flex e-con e-child\" data-id=\"e57ea95\" data-element_type=\"container\" data-e-type=\"container\">\n\t\t<div class=\"elementor-element elementor-element-b9a69ba e-flex e-con-boxed e-con e-child\" data-id=\"b9a69ba\" data-element_type=\"container\" data-e-type=\"container\" data-settings=\"{&quot;background_background&quot;:&quot;classic&quot;}\">\n\t\t\t\t\t<div class=\"e-con-inner\">\n\t\t\t\t<div class=\"elementor-element elementor-element-d8631b0 elementor-widget elementor-widget-image\" data-id=\"d8631b0\" data-element_type=\"widget\" data-e-type=\"widget\" data-widget_type=\"image.default\">\n\t\t\t\t\t\t\t\t\t\t\t\t\t\t\t<img loading=\"lazy\" decoding=\"async\" width=\"640\" height=\"427\" src=\"https:\/\/adelantenc.org\/wp-content\/uploads\/2024\/02\/charles-deloye-2RouMSg9Rnw-unsplash-1.jpg\" class=\"attachment-large size-large wp-image-1282\" alt=\"\" srcset=\"https:\/\/adelantenc.org\/wp-content\/uploads\/2024\/02\/charles-deloye-2RouMSg9Rnw-unsplash-1.jpg 640w, https:\/\/adelantenc.org\/wp-content\/uploads\/2024\/02\/charles-deloye-2RouMSg9Rnw-unsplash-1-300x200.jpg 300w\" sizes=\"(max-width: 640px) 100vw, 640px\" \/>\t\t\t\t\t\t\t\t\t\t\t\t\t\t\t<\/div>\n\t\t\t\t<div class=\"elementor-element elementor-element-cd6a355 elementor-widget elementor-widget-text-editor\" data-id=\"cd6a355\" data-element_type=\"widget\" data-e-type=\"widget\" data-widget_type=\"text-editor.default\">\n\t\t\t\t\t\t\t\t\t<p>El 25 de marzo, el senador Fletcher Hartsell (R-Concord) present\u00f3 el proyecto de ley 463 del Senado, con apoyo bipartidista, en el que se pide que se conceda la condici\u00f3n de residente a toda persona que haya asistido a la escuela en Carolina del Norte durante al menos tres a\u00f1os consecutivos inmediatamente antes de su graduaci\u00f3n y haya obtenido un diploma de ense\u00f1anza secundaria o un diploma de educaci\u00f3n general (GED) en Carolina del Norte.<\/p>\n\t\t\t\t\t\t\t\t<\/div>\n\t\t\t\t\t<\/div>\n\t\t\t\t<\/div>\n\t\t\t\t<\/div>\n\t\t\t\t<\/div>\n\t\t\t\t\t\t\t\t<\/div>\n\t\t\t\t\t\t\t\t\t\t\t<div class=\"swiper-slide\" data-slide=\"13\" role=\"group\" aria-roledescription=\"slide\" aria-label=\"13 of 13\">\n\t\t\t\t\t\t\t<div class=\"elementor-element elementor-element-f25af38 e-con-full e-flex e-con e-child\" data-id=\"f25af38\" data-element_type=\"container\" data-e-type=\"container\">\n\t\t<div class=\"elementor-element elementor-element-6e7cded e-con-full e-flex e-con e-child\" data-id=\"6e7cded\" data-element_type=\"container\" data-e-type=\"container\">\n\t\t\t\t<div class=\"elementor-element elementor-element-0a5f932 elementor-widget elementor-widget-heading\" data-id=\"0a5f932\" data-element_type=\"widget\" data-e-type=\"widget\" data-widget_type=\"heading.default\">\n\t\t\t\t\t<h3 class=\"elementor-heading-title elementor-size-default\">2017<\/h3>\t\t\t\t<\/div>\n\t\t\t\t<div class=\"elementor-element elementor-element-a192bb8 elementor-widget-divider--view-line elementor-widget elementor-widget-divider\" data-id=\"a192bb8\" data-element_type=\"widget\" data-e-type=\"widget\" data-widget_type=\"divider.default\">\n\t\t\t\t\t\t\t<div class=\"elementor-divider\">\n\t\t\t<span class=\"elementor-divider-separator\">\n\t\t\t\t\t\t<\/span>\n\t\t<\/div>\n\t\t\t\t\t\t<\/div>\n\t\t\t\t<\/div>\n\t\t<div class=\"elementor-element elementor-element-86af445 e-con-full e-flex e-con e-child\" data-id=\"86af445\" data-element_type=\"container\" data-e-type=\"container\">\n\t\t<div class=\"elementor-element elementor-element-24a5e20 e-flex e-con-boxed e-con e-child\" data-id=\"24a5e20\" data-element_type=\"container\" data-e-type=\"container\" data-settings=\"{&quot;background_background&quot;:&quot;classic&quot;}\">\n\t\t\t\t\t<div class=\"e-con-inner\">\n\t\t\t\t<div class=\"elementor-element elementor-element-b35f682 elementor-widget elementor-widget-image\" data-id=\"b35f682\" data-element_type=\"widget\" data-e-type=\"widget\" data-widget_type=\"image.default\">\n\t\t\t\t\t\t\t\t\t\t\t\t\t\t\t<img loading=\"lazy\" decoding=\"async\" width=\"760\" height=\"507\" src=\"https:\/\/adelantenc.org\/wp-content\/uploads\/2024\/02\/200716-daca-rally-supreme-court-jm-0956.webp\" class=\"attachment-large size-large wp-image-1283\" alt=\"\" srcset=\"https:\/\/adelantenc.org\/wp-content\/uploads\/2024\/02\/200716-daca-rally-supreme-court-jm-0956.webp 760w, https:\/\/adelantenc.org\/wp-content\/uploads\/2024\/02\/200716-daca-rally-supreme-court-jm-0956-300x200.webp 300w\" sizes=\"(max-width: 760px) 100vw, 760px\" \/>\t\t\t\t\t\t\t\t\t\t\t\t\t\t\t<\/div>\n\t\t\t\t<div class=\"elementor-element elementor-element-e725c0e elementor-widget elementor-widget-text-editor\" data-id=\"e725c0e\" data-element_type=\"widget\" data-e-type=\"widget\" data-widget_type=\"text-editor.default\">\n\t\t\t\t\t\t\t\t\t<p>El 5 de septiembre, la Administraci\u00f3n Trump rescindi\u00f3 el programa de protecci\u00f3n temporal para los llegados en la infancia o DACA, de la era Obama. La Administraci\u00f3n dio al Congreso hasta el 6 de marzo de 2018 para llegar a una soluci\u00f3n o los j\u00f3venes con DACA ver\u00e1n terminar su estatus de protecci\u00f3n al expirar su DACA.<\/p>\n\t\t\t\t\t\t\t\t<\/div>\n\t\t\t\t\t<\/div>\n\t\t\t\t<\/div>\n\t\t\t\t<\/div>\n\t\t\t\t<\/div>\n\t\t\t\t\t\t\t\t<\/div>\n\t\t\t\t\t\t\t\t<\/div>\n\t\t<\/div>\n\t\t\t\t\t<div class=\"elementor-swiper-button elementor-swiper-button-prev\" role=\"button\" tabindex=\"0\" aria-label=\"Anterior\">\n\t\t\t\t<svg aria-hidden=\"true\" class=\"e-font-icon-svg e-eicon-chevron-left\" viewBox=\"0 0 1000 1000\" xmlns=\"http:\/\/www.w3.org\/2000\/svg\"><path d=\"M646 125C629 125 613 133 604 142L308 442C296 454 292 471 292 487 292 504 296 521 308 533L604 854C617 867 629 875 646 875 663 875 679 871 692 858 704 846 713 829 713 812 713 796 708 779 692 767L438 487 692 225C700 217 708 204 708 187 708 171 704 154 692 142 675 129 663 125 646 125Z\"><\/path><\/svg>\t\t\t<\/div>\n\t\t\t<div class=\"elementor-swiper-button elementor-swiper-button-next\" role=\"button\" tabindex=\"0\" aria-label=\"Siguiente\">\n\t\t\t\t<svg aria-hidden=\"true\" class=\"e-font-icon-svg e-eicon-chevron-right\" viewBox=\"0 0 1000 1000\" xmlns=\"http:\/\/www.w3.org\/2000\/svg\"><path d=\"M696 533C708 521 713 504 713 487 713 471 708 454 696 446L400 146C388 133 375 125 354 125 338 125 325 129 313 142 300 154 292 171 292 187 292 204 296 221 308 233L563 492 304 771C292 783 288 800 288 817 288 833 296 850 308 863 321 871 338 875 354 875 371 875 388 867 400 854L696 533Z\"><\/path><\/svg>\t\t\t<\/div>\n\t\t\t\t\t\t<\/div>\n\t\t\t\t<\/div>\n\t\t\t\t<\/div>\n\t\t\t\t<\/div>\n\t\t","protected":false},"excerpt":{"rendered":"<p>Let&#8217;s Learn NC es un proyecto de Adelante Education Coalition. Este proyecto defiende la misma matr\u00edcula universitaria para TODOS los estudiantes de Carolina del Norte, porque la educaci\u00f3n superior debe [&hellip;]<\/p>\n","protected":false},"author":1,"featured_media":0,"parent":0,"menu_order":0,"comment_status":"closed","ping_status":"closed","template":"","meta":{"_acf_changed":false,"_coblocks_attr":"","_coblocks_dimensions":"","_coblocks_responsive_height":"","_coblocks_accordion_ie_support":"","_price":"","_stock":"","_tribe_ticket_header":"","_tribe_default_ticket_provider":"","_tribe_ticket_capacity":"0","_ticket_start_date":"","_ticket_end_date":"","_tribe_ticket_show_description":"","_tribe_ticket_show_not_going":false,"_tribe_ticket_use_global_stock":"","_tribe_ticket_global_stock_level":"","_global_stock_mode":"","_global_stock_cap":"","_tribe_rsvp_for_event":"","_tribe_ticket_going_count":"","_tribe_ticket_not_going_count":"","_tribe_tickets_list":"[]","_tribe_ticket_has_attendee_info_fields":false,"footnotes":"","_tec_slr_enabled":"","_tec_slr_layout":""},"class_list":["post-1378","page","type-page","status-publish","hentry"],"acf":[],"yoast_head":"<!-- This site is optimized with the Yoast SEO plugin v27.5 - https:\/\/yoast.com\/product\/yoast-seo-wordpress\/ -->\n<title>Equidad en la matr\u00edcula | Adelante Education Coalition<\/title>\n<meta name=\"robots\" content=\"index, follow, max-snippet:-1, max-image-preview:large, max-video-preview:-1\" \/>\n<link rel=\"canonical\" href=\"https:\/\/adelantenc.org\/es\/equidad-en-la-matricula\/\" \/>\n<meta property=\"og:locale\" content=\"es_ES\" \/>\n<meta property=\"og:type\" content=\"article\" \/>\n<meta property=\"og:title\" content=\"Equidad en la matr\u00edcula | Adelante Education Coalition\" \/>\n<meta property=\"og:description\" content=\"Let&#8217;s Learn NC es un proyecto de Adelante Education Coalition. Este proyecto defiende la misma matr\u00edcula universitaria para TODOS los estudiantes de Carolina del Norte, porque la educaci\u00f3n superior debe [&hellip;]\" \/>\n<meta property=\"og:url\" content=\"https:\/\/adelantenc.org\/es\/equidad-en-la-matricula\/\" \/>\n<meta property=\"og:site_name\" content=\"Adelante Education Coalition\" \/>\n<meta property=\"article:modified_time\" content=\"2024-03-20T02:09:01+00:00\" \/>\n<meta property=\"og:image\" content=\"https:\/\/s6v.8e6.myftpupload.com\/wp-content\/uploads\/2024\/02\/Plyler-vs-Doe-in-1982.jpg\" \/>\n<meta name=\"twitter:card\" content=\"summary_large_image\" \/>\n<meta name=\"twitter:label1\" content=\"Tiempo de lectura\" \/>\n\t<meta name=\"twitter:data1\" content=\"13 minutos\" \/>\n<script type=\"application\/ld+json\" class=\"yoast-schema-graph\">{\"@context\":\"https:\\\/\\\/schema.org\",\"@graph\":[{\"@type\":\"WebPage\",\"@id\":\"https:\\\/\\\/adelantenc.org\\\/es\\\/equidad-en-la-matricula\\\/\",\"url\":\"https:\\\/\\\/adelantenc.org\\\/es\\\/equidad-en-la-matricula\\\/\",\"name\":\"Equidad en la matr\u00edcula | Adelante Education Coalition\",\"isPartOf\":{\"@id\":\"https:\\\/\\\/s6v.8e6.myftpupload.com\\\/#website\"},\"primaryImageOfPage\":{\"@id\":\"https:\\\/\\\/adelantenc.org\\\/es\\\/equidad-en-la-matricula\\\/#primaryimage\"},\"image\":{\"@id\":\"https:\\\/\\\/adelantenc.org\\\/es\\\/equidad-en-la-matricula\\\/#primaryimage\"},\"thumbnailUrl\":\"https:\\\/\\\/adelantenc.org\\\/wp-content\\\/uploads\\\/2024\\\/02\\\/Plyler-vs-Doe-in-1982.jpg\",\"datePublished\":\"2024-02-16T23:17:22+00:00\",\"dateModified\":\"2024-03-20T02:09:01+00:00\",\"breadcrumb\":{\"@id\":\"https:\\\/\\\/adelantenc.org\\\/es\\\/equidad-en-la-matricula\\\/#breadcrumb\"},\"inLanguage\":\"es\",\"potentialAction\":[{\"@type\":\"ReadAction\",\"target\":[\"https:\\\/\\\/adelantenc.org\\\/es\\\/equidad-en-la-matricula\\\/\"]}]},{\"@type\":\"ImageObject\",\"inLanguage\":\"es\",\"@id\":\"https:\\\/\\\/adelantenc.org\\\/es\\\/equidad-en-la-matricula\\\/#primaryimage\",\"url\":\"https:\\\/\\\/adelantenc.org\\\/wp-content\\\/uploads\\\/2024\\\/02\\\/Plyler-vs-Doe-in-1982.jpg\",\"contentUrl\":\"https:\\\/\\\/adelantenc.org\\\/wp-content\\\/uploads\\\/2024\\\/02\\\/Plyler-vs-Doe-in-1982.jpg\"},{\"@type\":\"BreadcrumbList\",\"@id\":\"https:\\\/\\\/adelantenc.org\\\/es\\\/equidad-en-la-matricula\\\/#breadcrumb\",\"itemListElement\":[{\"@type\":\"ListItem\",\"position\":1,\"name\":\"Home\",\"item\":\"https:\\\/\\\/adelantenc.org\\\/es\\\/inicio\\\/\"},{\"@type\":\"ListItem\",\"position\":2,\"name\":\"Equidad en la matr\u00edcula\"}]},{\"@type\":\"WebSite\",\"@id\":\"https:\\\/\\\/s6v.8e6.myftpupload.com\\\/#website\",\"url\":\"https:\\\/\\\/s6v.8e6.myftpupload.com\\\/\",\"name\":\"Adelante Education Coalition\",\"description\":\"Ahead Forward Onward\",\"publisher\":{\"@id\":\"https:\\\/\\\/s6v.8e6.myftpupload.com\\\/#organization\"},\"potentialAction\":[{\"@type\":\"SearchAction\",\"target\":{\"@type\":\"EntryPoint\",\"urlTemplate\":\"https:\\\/\\\/s6v.8e6.myftpupload.com\\\/?s={search_term_string}\"},\"query-input\":{\"@type\":\"PropertyValueSpecification\",\"valueRequired\":true,\"valueName\":\"search_term_string\"}}],\"inLanguage\":\"es\"},{\"@type\":\"Organization\",\"@id\":\"https:\\\/\\\/s6v.8e6.myftpupload.com\\\/#organization\",\"name\":\"Adelante Education Coalition\",\"url\":\"https:\\\/\\\/s6v.8e6.myftpupload.com\\\/\",\"logo\":{\"@type\":\"ImageObject\",\"inLanguage\":\"es\",\"@id\":\"https:\\\/\\\/s6v.8e6.myftpupload.com\\\/#\\\/schema\\\/logo\\\/image\\\/\",\"url\":\"https:\\\/\\\/adelantenc.org\\\/wp-content\\\/uploads\\\/2024\\\/01\\\/Adelante_Orange.webp\",\"contentUrl\":\"https:\\\/\\\/adelantenc.org\\\/wp-content\\\/uploads\\\/2024\\\/01\\\/Adelante_Orange.webp\",\"width\":1016,\"height\":836,\"caption\":\"Adelante Education Coalition\"},\"image\":{\"@id\":\"https:\\\/\\\/s6v.8e6.myftpupload.com\\\/#\\\/schema\\\/logo\\\/image\\\/\"}}]}<\/script>\n<!-- \/ Yoast SEO plugin. -->","yoast_head_json":{"title":"Equidad en la matr\u00edcula | Adelante Education Coalition","robots":{"index":"index","follow":"follow","max-snippet":"max-snippet:-1","max-image-preview":"max-image-preview:large","max-video-preview":"max-video-preview:-1"},"canonical":"https:\/\/adelantenc.org\/es\/equidad-en-la-matricula\/","og_locale":"es_ES","og_type":"article","og_title":"Equidad en la matr\u00edcula | Adelante Education Coalition","og_description":"Let&#8217;s Learn NC es un proyecto de Adelante Education Coalition. Este proyecto defiende la misma matr\u00edcula universitaria para TODOS los estudiantes de Carolina del Norte, porque la educaci\u00f3n superior debe [&hellip;]","og_url":"https:\/\/adelantenc.org\/es\/equidad-en-la-matricula\/","og_site_name":"Adelante Education Coalition","article_modified_time":"2024-03-20T02:09:01+00:00","og_image":[{"url":"https:\/\/s6v.8e6.myftpupload.com\/wp-content\/uploads\/2024\/02\/Plyler-vs-Doe-in-1982.jpg","type":"","width":"","height":""}],"twitter_card":"summary_large_image","twitter_misc":{"Tiempo de lectura":"13 minutos"},"schema":{"@context":"https:\/\/schema.org","@graph":[{"@type":"WebPage","@id":"https:\/\/adelantenc.org\/es\/equidad-en-la-matricula\/","url":"https:\/\/adelantenc.org\/es\/equidad-en-la-matricula\/","name":"Equidad en la matr\u00edcula | Adelante Education Coalition","isPartOf":{"@id":"https:\/\/s6v.8e6.myftpupload.com\/#website"},"primaryImageOfPage":{"@id":"https:\/\/adelantenc.org\/es\/equidad-en-la-matricula\/#primaryimage"},"image":{"@id":"https:\/\/adelantenc.org\/es\/equidad-en-la-matricula\/#primaryimage"},"thumbnailUrl":"https:\/\/adelantenc.org\/wp-content\/uploads\/2024\/02\/Plyler-vs-Doe-in-1982.jpg","datePublished":"2024-02-16T23:17:22+00:00","dateModified":"2024-03-20T02:09:01+00:00","breadcrumb":{"@id":"https:\/\/adelantenc.org\/es\/equidad-en-la-matricula\/#breadcrumb"},"inLanguage":"es","potentialAction":[{"@type":"ReadAction","target":["https:\/\/adelantenc.org\/es\/equidad-en-la-matricula\/"]}]},{"@type":"ImageObject","inLanguage":"es","@id":"https:\/\/adelantenc.org\/es\/equidad-en-la-matricula\/#primaryimage","url":"https:\/\/adelantenc.org\/wp-content\/uploads\/2024\/02\/Plyler-vs-Doe-in-1982.jpg","contentUrl":"https:\/\/adelantenc.org\/wp-content\/uploads\/2024\/02\/Plyler-vs-Doe-in-1982.jpg"},{"@type":"BreadcrumbList","@id":"https:\/\/adelantenc.org\/es\/equidad-en-la-matricula\/#breadcrumb","itemListElement":[{"@type":"ListItem","position":1,"name":"Home","item":"https:\/\/adelantenc.org\/es\/inicio\/"},{"@type":"ListItem","position":2,"name":"Equidad en la matr\u00edcula"}]},{"@type":"WebSite","@id":"https:\/\/s6v.8e6.myftpupload.com\/#website","url":"https:\/\/s6v.8e6.myftpupload.com\/","name":"Adelante Education Coalition","description":"Ahead Forward Onward","publisher":{"@id":"https:\/\/s6v.8e6.myftpupload.com\/#organization"},"potentialAction":[{"@type":"SearchAction","target":{"@type":"EntryPoint","urlTemplate":"https:\/\/s6v.8e6.myftpupload.com\/?s={search_term_string}"},"query-input":{"@type":"PropertyValueSpecification","valueRequired":true,"valueName":"search_term_string"}}],"inLanguage":"es"},{"@type":"Organization","@id":"https:\/\/s6v.8e6.myftpupload.com\/#organization","name":"Adelante Education Coalition","url":"https:\/\/s6v.8e6.myftpupload.com\/","logo":{"@type":"ImageObject","inLanguage":"es","@id":"https:\/\/s6v.8e6.myftpupload.com\/#\/schema\/logo\/image\/","url":"https:\/\/adelantenc.org\/wp-content\/uploads\/2024\/01\/Adelante_Orange.webp","contentUrl":"https:\/\/adelantenc.org\/wp-content\/uploads\/2024\/01\/Adelante_Orange.webp","width":1016,"height":836,"caption":"Adelante Education Coalition"},"image":{"@id":"https:\/\/s6v.8e6.myftpupload.com\/#\/schema\/logo\/image\/"}}]}},"ticketed":false,"_links":{"self":[{"href":"https:\/\/adelantenc.org\/es\/wp-json\/wp\/v2\/pages\/1378","targetHints":{"allow":["GET"]}}],"collection":[{"href":"https:\/\/adelantenc.org\/es\/wp-json\/wp\/v2\/pages"}],"about":[{"href":"https:\/\/adelantenc.org\/es\/wp-json\/wp\/v2\/types\/page"}],"author":[{"embeddable":true,"href":"https:\/\/adelantenc.org\/es\/wp-json\/wp\/v2\/users\/1"}],"replies":[{"embeddable":true,"href":"https:\/\/adelantenc.org\/es\/wp-json\/wp\/v2\/comments?post=1378"}],"version-history":[{"count":4,"href":"https:\/\/adelantenc.org\/es\/wp-json\/wp\/v2\/pages\/1378\/revisions"}],"predecessor-version":[{"id":1382,"href":"https:\/\/adelantenc.org\/es\/wp-json\/wp\/v2\/pages\/1378\/revisions\/1382"}],"wp:attachment":[{"href":"https:\/\/adelantenc.org\/es\/wp-json\/wp\/v2\/media?parent=1378"}],"curies":[{"name":"wp","href":"https:\/\/api.w.org\/{rel}","templated":true}]}}